{"id":25025,"date":"2022-08-03T11:26:33","date_gmt":"2022-08-03T11:26:33","guid":{"rendered":"https:\/\/initiativkreis-nordstadt.de\/?page_id=25025"},"modified":"2026-03-06T12:48:28","modified_gmt":"2026-03-06T12:48:28","slug":"arbeitskreise","status":"publish","type":"page","link":"https:\/\/initiativkreis-nordstadt.de\/?page_id=25025","title":{"rendered":"Arbeitskreise"},"content":{"rendered":"\n[et_pb_section fb_built=&#8220;1&#8243; _builder_version=&#8220;4.18.0&#8243; _module_preset=&#8220;default&#8220; background_color=&#8220;#d6d6d6&#8243; global_colors_info=&#8220;{}&#8220;][et_pb_row _builder_version=&#8220;4.17.6&#8243; _module_preset=&#8220;default&#8220; global_colors_info=&#8220;{}&#8220;][et_pb_column type=&#8220;4_4&#8243; _builder_version=&#8220;4.17.6&#8243; _module_preset=&#8220;default&#8220; global_colors_info=&#8220;{}&#8220;][et_pb_text _builder_version=&#8220;4.18.0&#8243; _module_preset=&#8220;default&#8220; header_text_color=&#8220;#FFFFFF&#8220; header_2_font=&#8220;Oswald|||on|||||&#8220; header_2_text_color=&#8220;#FFFFFF&#8220; header_2_font_size=&#8220;30px&#8220; header_2_line_height=&#8220;1.4em&#8220; background_color=&#8220;#12876F&#8220; custom_margin=&#8220;50px||||false|false&#8220; custom_padding=&#8220;20px||20px|20px|false|false&#8220; global_colors_info=&#8220;{}&#8220;]<h2>Gemeinsam viel erreichen &#8211; unsere Arbeitskreise und deren Leiter*innen<\/h2>[\/et_pb_text][et_pb_text _builder_version=&#8220;4.18.0&#8243; _module_preset=&#8220;default&#8220; text_font=&#8220;Source Sans Pro||||||||&#8220; header_3_font=&#8220;Source Sans Pro||||||||&#8220; global_colors_info=&#8220;{}&#8220;]<h3>\u00a0Aktuelle Neuigkeiten aus den Arbeitskreisen finden Sie demn\u00e4chst hier<\/h3>[\/et_pb_text][\/et_pb_column][\/et_pb_row][et_pb_row column_structure=&#8220;1_5,1_5,1_5,1_5,1_5&#8243; _builder_version=&#8220;4.24.0&#8243; _module_preset=&#8220;default&#8220; hover_enabled=&#8220;0&#8243; global_colors_info=&#8220;{}&#8220; sticky_enabled=&#8220;0&#8243; make_equal=&#8220;on&#8220;][et_pb_column type=&#8220;1_5&#8243; _builder_version=&#8220;4.17.6&#8243; _module_preset=&#8220;default&#8220; global_colors_info=&#8220;{}&#8220;][et_pb_blurb title=&#8220;AK Brauchtum&#8220; image=&#8220;https:\/\/initiativkreis-nordstadt.de\/wp-content\/uploads\/2024\/01\/Bittner_Web.jpg&#8220; _builder_version=&#8220;4.24.0&#8243; _module_preset=&#8220;default&#8220; header_font=&#8220;Oswald||||||||&#8220; header_text_align=&#8220;center&#8220; header_font_size=&#8220;22px&#8220; body_font=&#8220;Source Sans Pro||||||||&#8220; background_color=&#8220;rgba(108,50,117,0.64)&#8220; background_layout=&#8220;dark&#8220; custom_margin=&#8220;0px||-2px|0px|false|false&#8220; custom_padding=&#8220;0px|5px|0px|5px|false|false&#8220; hover_enabled=&#8220;0&#8243; border_color_all=&#8220;#12876F&#8220; global_colors_info=&#8220;{}&#8220; sticky_enabled=&#8220;0&#8243;]<p>&nbsp;<\/p>\n<p>Unter der Leitung von Heinz-Josef Bittner erz\u00e4hlen Further Originale \u201eD\u00f6nekens\u201c, lassen l\u00e4ngst vergessene Zeiten, Gesch\u00e4fte und Kuriosit\u00e4ten wieder aufleben und sorgen f\u00fcr spannende Abende. Der Arbeitskreis veranstaltet Mundartstammtische, die jeweils unter ein bestimmtes der Jahreszeit angemessenes Motto gestellt werden. Mittlerweile hat sich dazu ein Stammpublikum zusammengefunden und nach anf\u00e4nglichen Hemmungen trauen sich auch die G\u00e4ste \u201eplatt ze kalle\u201c. Die Mundartstammtische sind zu einem festen Bestandteil im Veranstaltungskalender geworden und der Veranstaltungsort bei Lebioda ist immer \u201erappelvoll\u201c.<\/p>\n<p><strong>Arbeitskreisleiter<\/strong><\/p>\n<p><strong>Heinz-Josef Bittner<\/strong><a href=\"mailto:brauchtum@initiativkreis-nordstadt.de\" target=\"_blank\" rel=\"noopener\"><strong><\/strong><\/a><\/p>[\/et_pb_blurb][\/et_pb_column][et_pb_column type=&#8220;1_5&#8243; _builder_version=&#8220;4.17.6&#8243; _module_preset=&#8220;default&#8220; global_colors_info=&#8220;{}&#8220;][et_pb_blurb title=&#8220;AK Geschichte&#8220; image=&#8220;https:\/\/initiativkreis-nordstadt.de\/wp-content\/uploads\/2022\/08\/Scheulen_2.jpg&#8220; _builder_version=&#8220;4.17.6&#8243; _module_preset=&#8220;default&#8220; header_font=&#8220;Oswald||||||||&#8220; header_text_align=&#8220;center&#8220; header_text_color=&#8220;#FFFFFF&#8220; header_font_size=&#8220;22px&#8220; body_font=&#8220;Source Sans Pro||||||||&#8220; body_text_color=&#8220;#FFFFFF&#8220; background_color=&#8220;rgba(18,135,111,0.82)&#8220; custom_margin=&#8220;0px||0px|0px|false|false&#8220; custom_padding=&#8220;0px|5px|0px|5px|false|false&#8220; locked=&#8220;off&#8220; global_colors_info=&#8220;{}&#8220;]<p>&nbsp;<\/p>\n<p>Der AK\u00a0 wird von Gottfried Scheulen geleitet, der von Ursula-Grote-Schmitz unterst\u00fctzt wird.<\/p>\n<p>Der AK Geschichte unterst\u00fctzt den Initiativkreis in seiner Zielsetzung; insbesondere widmet er sich der in der Satzung festgeschriebenen Erforschung der Geschichte der Stadtteile, die die Nordstadt bilden: Morgensternsheide, Furth, Vogelsang, Weissenberg, Barbaraviertel. Der von den Mitgliedern des AK gew\u00e4hlte Leiter ist satzungsgem\u00e4\u00df Mitglied des erweiterten Vorstandes des Initiativkreises und informiert diesen \u00fcber die Aktivit\u00e4ten und Planungen des AK.<\/p>\n<p>Das vom AK herausgegebene Buch \u201eStra\u00dfen der Nordstadt\u201c war auch in seiner zweiten Auflage schnell vergriffen. Aus einer einmalig geplanten Veranstaltung: \u201eWege durch die Nordstadt\u201c ergab sich eine ganze Serie, die so regen Zuspruch erfuhr, dass sie \u00fcber die Stadtgrenzen hinweg Beachtung und Nachahmer fand. Der Initiativkreis Nordstadt e. V. hat den die Furth betreffenden Teil der Wege unter dem Titel \u201eDie Furth \u2013 Nordstadtspazierg\u00e4nge\u201c als Buch herausgebracht. Es dokumentiert die Nordstadtgeschichte, Sehensw\u00fcrdigkeiten und Sch\u00f6nheiten und gibt Anregungen f\u00fcr eigene Spazierg\u00e4nge durch den Stadtteil. Ein weiterer Band \u00fcber die anderen Stadtbezirke der Nordstadt soll folgen. Nachfolger der &#8222;Wege durch die Nordstadt&#8220; ist inzwischen die beliebte Veranstaltungsreihe &#8222;Genauer hingesehen&#8220;. Hier werden besondere Orte der Nordstadt besucht und vorgestellt.<\/p>\n<p>Die \u201eTour de Furth\u201c ist eine Veranstaltungsreihe, die in Zusammenarbeit mit der NGZ die Besonderheiten der Nordstadt per Fahrrad erkundet und mit einem Abschlu\u00dftreffen endet, wo die Gelegenheit besteht, gemeinsam mit eingeladenen Nordstadtpolitikern Fragen und Probleme zur Nordstadt zu er\u00f6rtern.\u00a0<\/p>\n<p>\u201eWir sehen unsere Aufgabe darin, nicht nur in die Vergangenheit zu schauen, sondern mit diesem Blick etwas zu erarbeiten, was f\u00fcr den heutigen B\u00fcrger der Nordstadt von Nutzen ist.\u201c<\/p>\n<p><strong>Arbeitskreisleitung<\/strong><\/p>\n<p><strong>Gottfried Scheulen und Ursula Grote-Schmitz<\/strong><\/p>[\/et_pb_blurb][\/et_pb_column][et_pb_column type=&#8220;1_5&#8243; _builder_version=&#8220;4.17.6&#8243; _module_preset=&#8220;default&#8220; global_colors_info=&#8220;{}&#8220;][et_pb_blurb title=&#8220;AK Kunst\/Kultur&#8220; image=&#8220;https:\/\/initiativkreis-nordstadt.de\/wp-content\/uploads\/2022\/08\/Dr_Feuerlein_1.jpg&#8220; _builder_version=&#8220;4.17.6&#8243; _module_preset=&#8220;default&#8220; header_font=&#8220;Oswald||||||||&#8220; header_text_align=&#8220;center&#8220; header_text_color=&#8220;#FFFFFF&#8220; header_font_size=&#8220;22px&#8220; body_font=&#8220;Source Sans Pro||||||||&#8220; body_text_color=&#8220;#FFFFFF&#8220; background_color=&#8220;#0C71C3&#8243; custom_margin=&#8220;0px||0px|0px|false|false&#8220; custom_padding=&#8220;0px|5px|0px|5px|false|false&#8220; hover_enabled=&#8220;0&#8243; locked=&#8220;off&#8220; global_colors_info=&#8220;{}&#8220; sticky_enabled=&#8220;0&#8243;]<p><img loading=\"lazy\" decoding=\"async\" src=\"https:\/\/initiativkreis-nordstadt.de\/wp-content\/uploads\/2022\/08\/Ulla_Born_2.jpg\" width=\"250\" height=\"354\" alt=\"\" class=\"wp-image-25348 alignnone size-full\" style=\"display: block; margin-left: auto; margin-right: auto;\" srcset=\"https:\/\/initiativkreis-nordstadt.de\/wp-content\/uploads\/2022\/08\/Ulla_Born_2.jpg 250w, https:\/\/initiativkreis-nordstadt.de\/wp-content\/uploads\/2022\/08\/Ulla_Born_2-212x300.jpg 212w\" sizes=\"(max-width: 250px) 100vw, 250px\" \/><\/p>\n<p>\u00dcber Kunstausstellungen in den Gesch\u00e4ftsr\u00e4umen der Sparkasse Neuss am Sebastianusplatz ergaben sich die Kontakte zu Nordst\u00e4dter K\u00fcnstlern, die nicht nur zu einem regen Gedankenaustausch untereinander f\u00fchrten, sondern auch zu der Bereitschaft, die Ateliers f\u00fcr F\u00fchrungen zu \u00f6ffnen.<\/p>\n<p>Geleitet wird der Arbeitskreis seit 2018 von Dr. Dieter Feuerlein, mit Unterst\u00fczumg von Ulla Born. Zuvor liefen die k\u00fcnstlerischen F\u00e4den bei Beate Pricking zusammen, die den Arbeitskreis viele Jahre leitete. Beate Pricking ist auch Initiatorin des Skulpturenpfads Nordstadt und betreut dieses Projekt federf\u00fchrend.<\/p>\n<p>Ein herausragendes Ereignis war der in 2004 durchgef\u00fchrte 1. Kunsttag 2004 im Thomas-Morus-Haus, bei dem mehrere K\u00fcnstler ausgestellt und auch verkauft haben. Diese Veranstaltung war so erfolgreich, dass er mehrfach wiederholt wurde.<\/p>\n<p>In der Nordstadt leben und arbeiten zahlreiche K\u00fcnstler. Durch die Reihe \u201eAtelierbesuche\u201c erhalten die Teilnehmer nicht nur Einblicke in die Werke des jeweiligen K\u00fcnstlers, sondern sie erfahren in Gespr\u00e4chen auch Einzelheiten zu den jeweilig angewandten Techniken oder den Beweggr\u00fcnden, wie die K\u00fcnstler zu ihrer Arbeit gekommen sind. H\u00e4ufig f\u00fchrt dies zu dem Wunsch ein Kunstwerk auch erwerben zu wollen.<\/p>\n<p>Hoch in der Gunst der G\u00e4ste steht die beliebte Veranstaltungsreihe \u201cLiteratur vor Ort\u201c. Gemeinsam mit Peter Dieter Schnitzler werden ungew\u00f6hnliche Orte f\u00fcr eine Lesung gesucht (u. a. Kneipe, Angelsee, Internationale Schule, Feuerwache). In unnachahmlicher Weise sucht P.D. Schnitzler hierzu passende Gedichte, Prosa oder Erz\u00e4hlungen aus, die er gleichsam an einem roten Faden in einem Zeitraum von 1 Stunde aneinanderreiht und so die Zuh\u00f6rer in seinen Bann zieht.<\/p>\n<p><strong>Arbeitskreisleitung<\/strong><\/p>\n<p><strong>Ulla Born und <\/strong><strong>Dr. Dieter Feuerlein\u00a0<\/strong><\/p>[\/et_pb_blurb][\/et_pb_column][et_pb_column type=&#8220;1_5&#8243; _builder_version=&#8220;4.17.6&#8243; _module_preset=&#8220;default&#8220; hover_enabled=&#8220;0&#8243; global_colors_info=&#8220;{}&#8220; sticky_enabled=&#8220;0&#8243;][et_pb_blurb title=&#8220;AK Nikolausmarkt&#8220; image=&#8220;https:\/\/initiativkreis-nordstadt.de\/wp-content\/uploads\/2024\/01\/Engels_web_Web_neu.jpg&#8220; _builder_version=&#8220;4.24.0&#8243; _module_preset=&#8220;default&#8220; header_font=&#8220;Oswald||||||||&#8220; header_text_align=&#8220;center&#8220; header_text_color=&#8220;#FFFFFF&#8220; header_font_size=&#8220;22px&#8220; body_font=&#8220;Source Sans Pro||||||||&#8220; body_text_color=&#8220;#FFFFFF&#8220; background_color=&#8220;#ba3b14&#8243; custom_margin=&#8220;0px||0px|0px|false|false&#8220; custom_padding=&#8220;0px|5px|0px|5px|false|false&#8220; hover_enabled=&#8220;0&#8243; locked=&#8220;off&#8220; global_colors_info=&#8220;{}&#8220; sticky_enabled=&#8220;0&#8243;]<p><img loading=\"lazy\" decoding=\"async\" src=\"https:\/\/initiativkreis-nordstadt.de\/wp-content\/uploads\/2026\/03\/Ulla.jpg\" width=\"250\" height=\"354\" alt=\"\" class=\"wp-image-26020 aligncenter size-full\" srcset=\"https:\/\/initiativkreis-nordstadt.de\/wp-content\/uploads\/2026\/03\/Ulla.jpg 250w, https:\/\/initiativkreis-nordstadt.de\/wp-content\/uploads\/2026\/03\/Ulla-212x300.jpg 212w\" sizes=\"(max-width: 250px) 100vw, 250px\" \/><\/p>\n<p>Conny Cleve regte 1995 eine Fahrt zum Nikolausmarkt nach Goch an, um diese Idee auch in der Nordstadt zu realisieren. Bereits im Jahre 1996 wurde der erste Nikolausmarkt am Wochenende vor dem zweiten Advent auf der Neusser Weyhe veranstaltet. Er war nicht nur eine Besonderheit innerhalb des Stadtgebietes, sondern auch im Umkreis.<\/p>\n<p>Der Arbeitskreis trifft sich bereits eine Woche vor Veranstaltungsbeginn, um den Streichelzoo einzurichten. Das Material muss aus dem Lager geholt werden, Z\u00e4une und Stallungen sind zu errichten, der Teich f\u00fcr die Enten und G\u00e4nse samt Br\u00fccke m\u00fcssen aufgebaut werden. Anschlie\u00dfend werden die Lichterketten um die Gehege montiert, die Wege mit Mulchmaterial angelegt und dann \u2026 dann beziehen die Tiere ihr Quartier und warten auf die kleinen und gro\u00dfen Besucher!<br \/>Parallel dazu werden die Buden mit einem Tieflader aus dem Lager geholt und von einem Profiteam aufgebaut. Die Budengasse erh\u00e4lt ebenfalls gro\u00dfe Lichterketten und zum Schluss wird mit einem Spezialkran der gro\u00dfe Torbogen am Beginn der Budengasse aufgerichtet. Wenn dann noch der (mit LED ausgestattete) Nikolaus am Geb\u00e4ude der Volksbank erstrahlt, wird schon von weitem auf das gro\u00dfe Ereignis hingewiesen.<\/p>\n<p>Verst\u00e4rkung f\u00fcr die Organisation: Seit 2024 verantwortet Ursula Bittner die kaufm\u00e4nnische Gesch\u00e4ftsf\u00fchrung des Arbeitskreises. In ihren H\u00e4nden liegt die Planung der Budenvermietung sowie die Programmregie, um den Besuchern der Nordstadt ein reibungsloses und stimmungsvolles Markterlebnis zu bieten<\/p>\n<p><strong>Arbeitskreisleiter<\/strong><\/p>\n<p><b>Michael Engels<\/b><\/p>\n<p><b>Kaufm\u00e4nnische Gesch\u00e4ftsf\u00fchrung<\/b><\/p>\n<p><b>Ursula Bittner<\/b><\/p>[\/et_pb_blurb][\/et_pb_column][et_pb_column _builder_version=&#8220;4.24.0&#8243; _module_preset=&#8220;default&#8220; type=&#8220;1_5&#8243; hover_enabled=&#8220;0&#8243; sticky_enabled=&#8220;0&#8243;][et_pb_blurb title=&#8220;AK Wirtschaft&#8220; image=&#8220;https:\/\/initiativkreis-nordstadt.de\/wp-content\/uploads\/2026\/03\/Ioannis.jpg&#8220; _builder_version=&#8220;4.24.0&#8243; _module_preset=&#8220;default&#8220; header_font=&#8220;Oswald||||||||&#8220; header_text_align=&#8220;center&#8220; header_text_color=&#8220;#FFFFFF&#8220; header_font_size=&#8220;22px&#8220; body_font=&#8220;Source Sans Pro||||||||&#8220; body_text_color=&#8220;#FFFFFF&#8220; background_color=&#8220;#8300E9&#8243; custom_margin=&#8220;0px||0px|0px|false|false&#8220; custom_padding=&#8220;0px|5px|0px|5px|false|false&#8220; hover_enabled=&#8220;0&#8243; locked=&#8220;off&#8220; global_colors_info=&#8220;{}&#8220; sticky_enabled=&#8220;0&#8243; image_icon_background_color=&#8220;#E02B20&#8243; title_text=&#8220;Ioannis&#8220;]<p>&nbsp;<\/p>\n<p>Unter der Leitung von <b data-path-to-node=\"2\" data-index-in-node=\"22\">Ioannis Douvartzidis<\/b> r\u00fcckt der Arbeitskreis die lokale Wirtschaft in den Fokus eines lebendigen Dialogs. Mit Netzwerkformaten wie \u201e41462 Neuss\u201c schaffen wir eine Plattform, auf der sich Unternehmen und B\u00fcrger \u00fcber regionale Entwicklungen sowie zukunftsweisende Themen wie die Digitalisierung austauschen k\u00f6nnen. Unser Ziel ist es, Hemmschwellen abzubauen und durch eine proaktive Herangehensweise \u2013 weg von Bedenken, hin zum Handeln \u2013 neue Impulse f\u00fcr unseren Standort zu setzen. Ein besonderes Anliegen ist es uns dabei, den Arbeitskreis f\u00fcr die j\u00fcngere Generation zu \u00f6ffnen und alle Interessierten dazu einzuladen, die wirtschaftliche Zukunft der Nordstadt aktiv mitzugestalten.<b><\/b><\/p>[\/et_pb_blurb][\/et_pb_column][\/et_pb_row][\/et_pb_section]\n","protected":false},"excerpt":{"rendered":"<p>Gemeinsam viel erreichen &#8211; unsere Arbeitskreise und deren Leiter*innen\u00a0Aktuelle Neuigkeiten aus den Arbeitskreisen finden Sie demn\u00e4chst hier&nbsp; Unter der Leitung von Heinz-Josef Bittner erz\u00e4hlen Further Originale \u201eD\u00f6nekens\u201c, lassen l\u00e4ngst vergessene Zeiten, Gesch\u00e4fte und Kuriosit\u00e4ten wieder aufleben und sorgen f\u00fcr spannende Abende. Der Arbeitskreis veranstaltet Mundartstammtische, die jeweils unter ein bestimmtes der Jahreszeit angemessenes Motto gestellt [&hellip;]<\/p>\n","protected":false},"author":2,"featured_media":0,"parent":0,"menu_order":0,"comment_status":"closed","ping_status":"closed","template":"","meta":{"_et_pb_use_builder":"on","_et_pb_old_content":"","_et_gb_content_width":"","footnotes":""},"class_list":["post-25025","page","type-page","status-publish","hentry"],"_links":{"self":[{"href":"https:\/\/initiativkreis-nordstadt.de\/index.php?rest_route=\/wp\/v2\/pages\/25025","targetHints":{"allow":["GET"]}}],"collection":[{"href":"https:\/\/initiativkreis-nordstadt.de\/index.php?rest_route=\/wp\/v2\/pages"}],"about":[{"href":"https:\/\/initiativkreis-nordstadt.de\/index.php?rest_route=\/wp\/v2\/types\/page"}],"author":[{"embeddable":true,"href":"https:\/\/initiativkreis-nordstadt.de\/index.php?rest_route=\/wp\/v2\/users\/2"}],"replies":[{"embeddable":true,"href":"https:\/\/initiativkreis-nordstadt.de\/index.php?rest_route=%2Fwp%2Fv2%2Fcomments&post=25025"}],"version-history":[{"count":46,"href":"https:\/\/initiativkreis-nordstadt.de\/index.php?rest_route=\/wp\/v2\/pages\/25025\/revisions"}],"predecessor-version":[{"id":26022,"href":"https:\/\/initiativkreis-nordstadt.de\/index.php?rest_route=\/wp\/v2\/pages\/25025\/revisions\/26022"}],"wp:attachment":[{"href":"https:\/\/initiativkreis-nordstadt.de\/index.php?rest_route=%2Fwp%2Fv2%2Fmedia&parent=25025"}],"curies":[{"name":"wp","href":"https:\/\/api.w.org\/{rel}","templated":true}]}}